{"id":191,"date":"2013-12-03T14:56:01","date_gmt":"2013-12-03T13:56:01","guid":{"rendered":"http:\/\/hans-hofland.de\/blog\/?page_id=191"},"modified":"2020-03-08T14:32:57","modified_gmt":"2020-03-08T13:32:57","slug":"sg-hans-dieter-hofland-und-tobias","status":"publish","type":"page","link":"https:\/\/hans-hofland.de\/blog\/","title":{"rendered":"SG. H.-D.&#038;T. Hofland"},"content":{"rendered":"<h1 style=\"text-align: center;\"><\/h1>\n<h1 style=\"text-align: center;\"><\/h1>\n<h1 style=\"text-align: center;\"><span style=\"text-decoration: underline;\"><span style=\"color: #ff0000; text-decoration: underline;\">J\u00e4hrigen &#8211; Derby Riachos\u00a0 Portugal 2020\u00a0<\/span><\/span><\/h1>\n<h1 style=\"text-align: center;\"><span style=\"text-decoration: underline;\"><span style=\"color: #ff0000; text-decoration: underline;\"><strong>1. Hot-Spot Flug 24.02.2020 ab Santa Eul\u00e1lia120 Km<\/strong><\/span><\/span><\/h1>\n<h1 style=\"text-align: center;\"><span style=\"text-decoration: underline;\"><span style=\"color: #ff0000; text-decoration: underline;\"><strong>9.Preis NL-19-1464499 wei\u00df<\/strong><\/span><\/span><\/h1>\n<h1 style=\"text-align: center;\"><span style=\"color: #ff0000;\"><strong><span style=\"text-decoration: underline;\">2.Hot &#8211; Spot Flug am 06.03.2020 ab\u00a0 Torrefresneta 205Km<\/span> <\/strong><\/span><\/h1>\n<h1 style=\"text-align: center;\"><span style=\"color: #ff0000;\"><strong><span style=\"text-decoration: underline;\">3.Preis NL-19-1464499 wei\u00df<\/span><\/strong><\/span><\/h1>\n<h1 style=\"text-align: center;\">&#8212;&#8212;&#8212;&#8212;&#8212;&#8212;&#8212;&#8212;&#8212;&#8212;&#8212;&#8212;&#8212;&#8212;&#8211;<\/h1>\n<h1 style=\"text-align: center;\"><span style=\"color: #00ff00;\">Leistungen der SG Hans-Dieter und Tobias Hofland <\/span><\/h1>\n<h1 style=\"text-align: center;\"><strong><span style=\"color: #00ff00;\"><u>Leistungen 2018<\/u><\/span><u> <\/u><\/strong><\/h1>\n<h2 style=\"text-align: center;\"><strong><u>\u00a0<\/u><\/strong><\/h2>\n<h1 style=\"text-align: center;\"><span style=\"color: #ff0000;\"><strong><u>32 x den 1. Preis<\/u><\/strong><\/span><\/h1>\n<h2 style=\"text-align: center;\"><strong><span style=\"color: #ff0000;\"><u>Meisterschaften in Afdeeling Provinz Ost Brabant Rayon Ost 2018<\/u><\/span><\/strong><\/h2>\n<h2 style=\"text-align: center;\"><strong><span style=\"color: #ff0000;\">16.Platz Midfond Aangewiesen\u00a0\u00a0\u00a0\u00a0\u00a0\u00a0\u00a0\u00a0\u00a0\u00a0\u00a0\u00a0\u00a0\u00a0<\/span><\/strong><\/h2>\n<h2 style=\"text-align: center;\"><strong><span style=\"color: #ff0000;\"> 35.Platz Midfond Onaangewiesen<\/span><\/strong><\/h2>\n<h2 style=\"text-align: center;\"><strong><span style=\"color: #ff0000;\">9.Platz Eendagsefond Angewiesen<\/span><\/strong><\/h2>\n<h2 style=\"text-align: center;\"><strong><span style=\"color: #ff0000;\">36.Platz Eendagsefond Onaangewiesen<\/span><\/strong><\/h2>\n<h2 style=\"text-align: center;\"><strong><span style=\"color: #ff0000;\">\u00a0<\/span><\/strong><\/h2>\n<h1 style=\"text-align: center;\"><span style=\"color: #00ff00;\"><strong><u>Meisterschaft im Regionalverband Peel &amp; Maas.<\/u><\/strong><\/span><u><br \/>\n<\/u><\/h1>\n<h2 style=\"text-align: center;\"><strong>Midfond 3.Platz Midfond Aangewiesen <\/strong><\/h2>\n<h2 style=\"text-align: center;\"><strong>2.Platz Midfond Onaangewiesen<br \/>\n3.As-Duif<br \/>\n4.As-Duif<\/strong><\/h2>\n<h2 style=\"text-align: center;\"><strong>1.Platz Dagfond Angewiesen <\/strong><\/h2>\n<h2 style=\"text-align: center;\"><strong>2.Platz Dagfond Onaangewiesen<br \/>\n2.As-Duif Dagfond<\/strong><\/h2>\n<h2 style=\"text-align: center;\"><strong>4.As-duif Dagfond<br \/>\n<\/strong><\/h2>\n<h2 style=\"text-align: center;\"><strong>3.Platz Aangewiesen Alt bei Jung . <\/strong><\/h2>\n<h2 style=\"text-align: center;\"><strong>3.Platz Onaangewiesen Alt bei Jung<\/strong><\/h2>\n<h2 style=\"text-align: center;\"><strong>4.As-Duif Alt bei Jung<br \/>\n<\/strong><\/h2>\n<h2 style=\"text-align: center;\"><strong>8.Platz Aangewiesen Nachtour Alt<\/strong><\/h2>\n<h2 style=\"text-align: center;\"><strong>10.Platz Aangewiesen Nachtour Jung<br \/>\n<\/strong><\/h2>\n<h2 style=\"text-align: center;\"><strong>5.Platz Onaangewiesen Fond Jung<\/strong><\/h2>\n<h2 style=\"text-align: center;\"><strong>7.Platz Aangewiesen Fond Jung<br \/>\n<\/strong><\/h2>\n<h2 style=\"text-align: center;\"><strong>5.Platz Aangewiesen General unter 500KM<\/strong><\/h2>\n<h2 style=\"text-align: center;\"><strong>7.Platz Onaangewiesen unter 500KM<\/strong><\/h2>\n<h2 style=\"text-align: center;\"><strong>\u00a0<\/strong><\/h2>\n<h1 style=\"text-align: center;\"><span style=\"color: #00ff00;\"><strong><u>Meisterschaften in der Reisevereinigung De Huiszoekers,-Boxmeer<\/u><\/strong><\/span><\/h1>\n<h2 style=\"text-align: center;\"><strong>1.Platz Meisterschaft Keizer (\u00fcber alle\u00a0 Meisterschaften)<br \/>\n<\/strong><\/h2>\n<h2 style=\"text-align: center;\"><strong>1.Platz Meisterschaft alte Aangewiesen<\/strong><\/h2>\n<h2 style=\"text-align: center;\"><strong>1.Platz Meisterschaft alte Onaangewiesen<\/strong><\/h2>\n<h2 style=\"text-align: center;\"><strong>1.,-2.,-3.,-4.,- beste Alttaube <\/strong><\/h2>\n<h2 style=\"text-align: center;\"><strong><u>Mittelstreckenmeister<\/u><\/strong><\/h2>\n<h2 style=\"text-align: center;\"><strong>1.Platz Mittelstreckenmeisterschaft\u00a0 Onaangewiesen<\/strong><\/h2>\n<h2 style=\"text-align: center;\"><strong>2.Platz Mittelstrckenmeisterschaft Aangwiesen<\/strong><\/h2>\n<h2 style=\"text-align: center;\"><strong>1.,-2.,- beste\u00a0 Mittelstreckentaube.<br \/>\n<\/strong><\/h2>\n<h2 style=\"text-align: center;\"><strong><u>Tagesweitstrecken Meisterschaft<\/u><\/strong><\/h2>\n<h2 style=\"text-align: center;\"><strong>1.Platz Dagfond Meisterschaft Aangewiesen<\/strong><\/h2>\n<h2 style=\"text-align: center;\"><strong>1.Dagfond Meisterschaft Onaangewiesen<\/strong><\/h2>\n<h2 style=\"text-align: center;\"><strong>1.,-2.,-3.,- beste Dagfond Taube<\/strong><\/h2>\n<h2 style=\"text-align: center;\"><strong>\u00a0<\/strong><\/h2>\n<h2 style=\"text-align: center;\"><strong><u>Jungtiermeisterschaften<\/u><\/strong><\/h2>\n<h2 style=\"text-align: center;\"><strong>1.Platz Jungtiermeisterschaft Aangewiesen<\/strong><\/h2>\n<h2 style=\"text-align: center;\"><strong>1.Platz Jungtiermeisterschaft Onaangewiesen<\/strong><\/h2>\n<h2 style=\"text-align: center;\"><strong>1.,-2.,-3.,-4.,- beste Jungtaube<\/strong><\/h2>\n<h2 style=\"text-align: center;\"><strong>\u00a0<\/strong><\/h2>\n<h2 style=\"text-align: center;\"><strong><u>Weitstreckenmeisterschaft Junge, 3 Fl\u00fcge, 424Km.-511Km,-522Km,<\/u><\/strong><\/h2>\n<h2 style=\"text-align: center;\"><strong>1.Platz Weitstrecken Jungtiermeisterschaft Aangewiesen<\/strong><\/h2>\n<h2 style=\"text-align: center;\"><strong>1.Platz Weitstrecken\u00a0 Jungtiermeisterschaft Onaangewiesen<\/strong><\/h2>\n<h2 style=\"text-align: center;\"><strong>1.,-2.,-3.,-4.,-beste Jungtaube Fond<\/strong><\/h2>\n<p style=\"text-align: center;\"><strong>\u00a0<\/strong><\/p>\n<p><strong>\u00a0<\/strong><\/p>\n<h1 style=\"text-align: center;\"><span style=\"color: #00ff00;\">in 2017<br \/>\n<\/span><\/h1>\n<h1 style=\"text-align: center;\"><span style=\"color: #000000;\"><strong>26 x den 1. Preis<\/strong><\/span><\/h1>\n<h1 style=\"text-align: center;\"><span style=\"color: #ff0000;\">2.Nationaler Meister der Niederlande auf der Mittelstrecke mit vorbestimmten Tauben.<\/span><\/h1>\n<h2 style=\"text-align: center;\"><img loading=\"lazy\" decoding=\"async\" class=\"aligncenter size-full wp-image-690\" src=\"http:\/\/hans-hofland.de\/blog\/wp-content\/uploads\/2018\/12\/Siegerehrung-NPO-2017.jpg\" alt=\"Siegerehrung NPO 2017\" width=\"900\" height=\"600\" srcset=\"https:\/\/hans-hofland.de\/blog\/wp-content\/uploads\/2018\/12\/Siegerehrung-NPO-2017.jpg 900w, https:\/\/hans-hofland.de\/blog\/wp-content\/uploads\/2018\/12\/Siegerehrung-NPO-2017-300x200.jpg 300w, https:\/\/hans-hofland.de\/blog\/wp-content\/uploads\/2018\/12\/Siegerehrung-NPO-2017-768x512.jpg 768w\" sizes=\"auto, (max-width: 900px) 100vw, 900px\" \/><\/h2>\n<h2 style=\"text-align: center;\"><span style=\"color: #ff0000;\">27.(NL-16-1308053) Nationale Ass-Duif der Niederlande Midfond<\/span><br \/>\n<span style=\"color: #ff0000;\">99. (3324-16-247 Nationale Ass-Duif der Niederlande Midfond<\/span><br \/>\n<span style=\"color: #ff0000;\">39. Nationaler Niederl\u00e4ndischer Meister Vitesse Onaangewiesen<\/span><br \/>\n<span style=\"color: #ff0000;\">86. Nationaler Niederl\u00e4ndischer- Meister Midfond Onaangewezene<\/span><\/h2>\n<h1 style=\"text-align: center;\"><strong><span style=\"color: #ff0000;\">26 x den 1.Preis<\/span><\/strong><\/h1>\n<h1 style=\"text-align: center;\">Championenschapen in Afdeeling Provinz Ost Brabant 2017<\/h1>\n<div id=\"attachment_692\" style=\"width: 910px\" class=\"wp-caption aligncenter\"><img loading=\"lazy\" decoding=\"async\" aria-describedby=\"caption-attachment-692\" class=\"size-full wp-image-692\" src=\"http:\/\/hans-hofland.de\/blog\/wp-content\/uploads\/2013\/12\/K800_Siegerhrung-Afd.-Ost-Brabant-2017.jpg\" alt=\"OLYMPUS DIGITAL CAMERA\" width=\"900\" height=\"600\" srcset=\"https:\/\/hans-hofland.de\/blog\/wp-content\/uploads\/2013\/12\/K800_Siegerhrung-Afd.-Ost-Brabant-2017.jpg 900w, https:\/\/hans-hofland.de\/blog\/wp-content\/uploads\/2013\/12\/K800_Siegerhrung-Afd.-Ost-Brabant-2017-300x200.jpg 300w, https:\/\/hans-hofland.de\/blog\/wp-content\/uploads\/2013\/12\/K800_Siegerhrung-Afd.-Ost-Brabant-2017-768x512.jpg 768w\" sizes=\"auto, (max-width: 900px) 100vw, 900px\" \/><p id=\"caption-attachment-692\" class=\"wp-caption-text\">OLYMPUS DIGITAL CAMERA<\/p><\/div>\n<h2 style=\"text-align: center;\">1. Champion Midfond Afdeling Provinz Ost Brabant Aangewezene<br \/>\n2. Champion Midfond Afdeling Ost Brabant Onaangewezene (R4)<br \/>\n1. Duifchampion NL-16-1308053 Aafdeeling Ost Brabant (R4)<br \/>\n2. Duifchampion DV-3324-16-247 Afdeeling Ost Brabant (R4)<br \/>\n7. Duifchampion DV-7653-14-239 Afdeeling Ost Brabant (R4)<br \/>\n18.Duifchampion NL-16-1310008 afdeeling Ost Brabant (R4)<br \/>\n19.Duifchampion DV-3324-16-167<\/h2>\n<h2 style=\"text-align: center;\">Vitesse Meisterschaft im Regionalverband Peel &amp; Maas.<\/h2>\n<h2 style=\"text-align: center;\">1. Champion Vitesse Aangewiesene CC-Peel &amp; Maas<br \/>\n1. Champion Vitesse Onaangewiesene<br \/>\n1. Duifchampion Vitesse 7653-14-239,<br \/>\n7 Fl\u00fcge u. 7 Preise mit 6709,7 As-Punkte<br \/>\nMidfond Meisterschaft im Regionalverband Peel &amp; Maas<\/h2>\n<h2 style=\"text-align: center;\">1.Champion Midfond Aangewiesen CC-Pee l&amp; Maas<br \/>\n1. As-Duif Midfond<br \/>\n2. As-Duif<br \/>\n4. As-Duif<br \/>\n1. Champion Jong Onaangewiesen<br \/>\n1. Champion Oud Natoer<br \/>\n2.Champion Midfond Onaangewiese<br \/>\n2.Champion Gerneral onder 500km Aangewiesen<br \/>\n2.Champion Genreal onder 500km Onaangewiesen<br \/>\n2. As.Duif General onder 500km 7653-14-239 -21Preise<\/h2>\n<h1 style=\"text-align: center;\"><\/h1>\n<p>&nbsp;<\/p>\n<h1 style=\"text-align: center;\"><\/h1>\n<h1 style=\"text-align: center;\"><span style=\"color: #00ff00;\"><strong>Leistungstr\u00e4ger und 1.Preisflieger in 2016<\/strong><\/span><\/h1>\n<p>&nbsp;<\/p>\n<p style=\"text-align: center;\"><a href=\"http:\/\/hans-hofland.de\/blog\/wp-content\/uploads\/2012\/01\/erste-preis-gewinner-2016.jpg\" rel=\"lightbox[191]\"><img loading=\"lazy\" decoding=\"async\" class=\"aligncenter size-large wp-image-648\" src=\"http:\/\/hans-hofland.de\/blog\/wp-content\/uploads\/2012\/01\/erste-preis-gewinner-2016-1024x683.jpg\" alt=\"erste-preis-gewinner-2016\" width=\"970\" height=\"647\" srcset=\"https:\/\/hans-hofland.de\/blog\/wp-content\/uploads\/2012\/01\/erste-preis-gewinner-2016-1024x683.jpg 1024w, https:\/\/hans-hofland.de\/blog\/wp-content\/uploads\/2012\/01\/erste-preis-gewinner-2016-300x200.jpg 300w, https:\/\/hans-hofland.de\/blog\/wp-content\/uploads\/2012\/01\/erste-preis-gewinner-2016-768x512.jpg 768w\" sizes=\"auto, (max-width: 970px) 100vw, 970px\" \/><\/a><\/p>\n<p style=\"text-align: center;\"><a href=\"http:\/\/hans-hofland.de\/blog\/wp-content\/uploads\/2013\/12\/5022-14-844-1.jpg\" rel=\"lightbox[191]\"><img loading=\"lazy\" decoding=\"async\" class=\"wp-image-651 size-medium alignleft\" src=\"http:\/\/hans-hofland.de\/blog\/wp-content\/uploads\/2013\/12\/5022-14-844-1-300x200.jpg\" alt=\"5022-14-844\" width=\"300\" height=\"200\" \/><\/a><a href=\"http:\/\/hans-hofland.de\/blog\/wp-content\/uploads\/2013\/12\/7906-14-239.jpg\" rel=\"lightbox[191]\"><img loading=\"lazy\" decoding=\"async\" class=\"alignnone wp-image-653 size-medium\" src=\"http:\/\/hans-hofland.de\/blog\/wp-content\/uploads\/2013\/12\/7906-14-239-300x200.jpg\" alt=\"7906-14-239\" width=\"300\" height=\"200\" \/><\/a><\/p>\n<p style=\"text-align: center;\"><span style=\"color: #ff0000; padding-top: 1em!important;\"><b><span style=\"font-size: x-large;\">Tobias Hofland <\/span><\/b><\/span><\/p>\n<p style=\"text-align: center;\"><i><span style=\"color: #ff0000;\"><b><span style=\"font-size: large;\"> <span style=\"font-size: x-large;\">2010 u. 2011 1. Champion u. GOLDEN DUIF GEWINNER <\/span><\/span><\/b><\/span><\/i><\/p>\n<p style=\"text-align: center;\"><i><span style=\"color: #ff0000;\"><b><span style=\"font-size: x-large;\">Jugend von der Belgischen Taubenzeitung \u201cDe Duif\u201d<\/span><\/b><\/span><\/i><\/p>\n<p><a href=\"http:\/\/hans-hofland.de\/blog\/wp-content\/uploads\/2012\/01\/bild de duif 2012.jpg\" rel=\"lightbox[191]\"><img loading=\"lazy\" decoding=\"async\" class=\"aligncenter\" src=\"http:\/\/hans-hofland.de\/blog\/wp-content\/uploads\/2012\/01\/bild de duif 2012.jpg\" alt=\"\" width=\"318\" height=\"212\" \/><\/a><\/p>\n<p style=\"text-align: left;\"><a href=\"http:\/\/hans-hofland.de\/blog\/wp-content\/uploads\/2012\/01\/img_0057_0137.jpg\" rel=\"lightbox[191]\"><img loading=\"lazy\" decoding=\"async\" class=\"aligncenter\" src=\"http:\/\/hans-hofland.de\/blog\/wp-content\/uploads\/2012\/01\/img_0057_0137.jpg\" alt=\"\" width=\"317\" height=\"212\" \/><\/a><\/p>\n<p><a href=\"http:\/\/hans-hofland.de\/blog\/wp-content\/uploads\/2012\/01\/siegerehrung golden duif.jpg\" rel=\"lightbox[191]\"><img loading=\"lazy\" decoding=\"async\" class=\"aligncenter\" src=\"http:\/\/hans-hofland.de\/blog\/wp-content\/uploads\/2012\/01\/siegerehrung golden duif.jpg\" alt=\"\" width=\"363\" height=\"443\" \/><\/a><\/p>\n<p style=\"text-align: center;\"><i><span style=\"color: #ff0000;\"><b><span style=\"font-size: large;\">2. bester Schlag von Niederland &#8211; Jugend <\/span><\/b><\/span><\/i><\/p>\n<p><a href=\"http:\/\/hans-hofland.de\/blog\/wp-content\/uploads\/2012\/01\/siegerehrung npo meister 2011.jpg\" rel=\"lightbox[191]\"><img loading=\"lazy\" decoding=\"async\" class=\"aligncenter\" src=\"http:\/\/hans-hofland.de\/blog\/wp-content\/uploads\/2012\/01\/siegerehrung npo meister 2011.jpg\" alt=\"\" width=\"601\" height=\"400\" \/><\/a><\/p>\n<p style=\"text-align: center;\"><span style=\"font-size: large;\"><i><span style=\"color: #ff0000;\"><b>2. beste Jungtaube von Niederland &#8211; Jugend<\/b><\/span><\/i> <\/span><\/p>\n<p><a href=\"http:\/\/hans-hofland.de\/blog\/wp-content\/uploads\/2012\/01\/dv7906-11-004 2.jpg\" rel=\"lightbox[191]\"><img loading=\"lazy\" decoding=\"async\" class=\"aligncenter\" src=\"http:\/\/hans-hofland.de\/blog\/wp-content\/uploads\/2012\/01\/dv7906-11-004 2.jpg\" alt=\"\" width=\"614\" height=\"433\" \/><\/a><\/p>\n<p style=\"text-align: center;\"><i><span style=\"font-size: x-large;\"><b> Herzlich willkommen auf unserer Neuen Homepage<\/b><\/span><\/i><\/p>\n<p style=\"margin-bottom: 0cm; text-align: justify;\"><span style=\"font-size: medium;\">Ich bin 64 und mein Sohn ist 17 Jahre alt. Seit meinem 10. Lebensjahr habe ich Brieftauben und hoffe das mein Sohn mir nachfolgt. Seit 1974 bin ich aktiver Preisrichter und habe auch schon 2-mal auf der Verbandsausstellung gerichtet. In den vielen Jahren meiner Taubenz\u00fcchterzeit habe ich bei dem normalen Reiseprogrammspiel alles gewonnen. <\/span><\/p>\n<p style=\"margin-bottom: 0cm; text-align: justify;\"><span style=\"font-size: medium;\">In 1998 war ich Deutscher Meister bei den Jungtauben, danach folgten noch ein 5. und 8. Platz.<\/span><\/p>\n<p style=\"margin-bottom: 0cm; text-align: justify;\"><span style=\"font-size: medium;\">Ich habe seit vielen Jahren eine Freundschaft mit Gijs Peters aus Budel in den Niederlanden, wir kennen uns seit ewigen Zeiten und haben auch schon einige Reisen nach China unternommen. <\/span><\/p>\n<p style=\"margin-bottom: 0cm; text-align: justify;\"><a href=\"http:\/\/hans-hofland.de\/images\/stories\/simg0243.jpg\" rel=\"lightbox[191]\"><img loading=\"lazy\" decoding=\"async\" src=\"http:\/\/hans-hofland.de\/images\/stories\/simg0243.jpg\" alt=\"\" width=\"640\" height=\"480\" \/><\/a><\/p>\n<p><span style=\"font-size: medium;\">Yue die chinesische Dolmetscherin &#8211; Gijs Peters und ich. <\/span> <span style=\"font-size: medium;\">Heute hat sie in China ein Versteigerungsinternetportal f\u00fcr Brieftauben und ist Expertin f\u00fcr Wunderwasser, das sie auch mit Erfolg vertreibt.<\/span><\/p>\n<p style=\"margin-bottom: 0cm; text-align: justify;\"><span style=\"font-size: medium;\">Henri Menten aus Herselt in Belgien geh\u00f6rt auch zu meinem Freundeskreis genauso wie Henk de Bruyn aus Boxmeer und Heiko Freialdenhofen mit dem ich in Thailand war.<\/span><\/p>\n<p><a href=\"http:\/\/hans-hofland.de\/images\/stories\/1.jpg\" rel=\"lightbox[191]\"><img loading=\"lazy\" decoding=\"async\" src=\"http:\/\/hans-hofland.de\/images\/stories\/1.jpg\" alt=\"\" width=\"699\" height=\"236\" \/><\/a><\/p>\n<p style=\"margin-bottom: 0cm; text-align: justify;\"><span style=\"font-size: medium;\">Mein Sohn spielt seit einigen Jahren in den Niederlanden &#8211; Boxmeer mit den Jungtauben und hatte dort fantastische Erfolge. Au\u00dfer den verschiedenen Meisterschaften konnten wir in den letzten 3 Jahren 28 x den ersten Preis erringen und 2 x die &#8222;Golden Duif&#8220; Troph\u00e4e der Zeitschrift \u201e DE DUIF. Weiterhin belegte Tobias den 2.Platz bei der Meisterschaft der besten Jungtauben der Jugend und den 2. Platz bei der Meisterschaft Hook Champion Jugend von den Niederlanden.<\/span><\/p>\n<p style=\"margin-bottom: 0cm; text-align: justify;\"><span style=\"font-size: medium;\">Ich selbst schreibe schon seit einigen Jahren f\u00fcr verschiedene Taubenzeitungen Schlagberichte. In der letzten Zeit aber haupts\u00e4chlich f\u00fcr &#8222;Die Brieftaube&#8220;.<\/span><\/p>\n<p style=\"margin-bottom: 0cm; text-align: justify;\"><span style=\"font-size: medium;\">Ab 2012 habe ich eine neue Herausforderung gesucht und habe meinen Schlag umgestellt auf Weitstrecken- und \u00dcbernachtfl\u00fcge. Einige ausgew\u00e4hlte Zuchttiere f\u00fcr das Programmspiel haben wir jedoch behalten.<\/span><\/p>\n<p style=\"margin-bottom: 0cm; text-align: justify;\"><span style=\"font-size: medium;\"> <a href=\"http:\/\/hans-hofland.de\/images\/stories\/2.jpg\" rel=\"lightbox[191]\"><img loading=\"lazy\" decoding=\"async\" src=\"http:\/\/hans-hofland.de\/images\/stories\/2.jpg\" alt=\"\" width=\"930\" height=\"522\" \/><\/a><\/span><\/p>\n<p style=\"margin-bottom: 0cm; text-align: justify;\"><span style=\"font-size: medium;\">Die Weitstreckentauben habe ich vom verstorbenen Deutschen Meister 2010 der Weitstrecke Ulli Devers aus Wesel gekauft. Dort habe ich aus allen aktuellen Nationalsiegern und den besten Zuchttauben Nachzucht bekommen, bzw. die Zuchttauben auf der total Versteigerung selber gekauft.. Dazu kommen noch einige Tiere vom Niederl\u00e4ndischen Barcelona Spezialist Twan Bongers sowie von der Schlaggemeinschaft Freialdenhofen und S\u00f6hne, zu denen ich auch ein sehr gutes Verh\u00e4ltnis habe.<\/span><\/p>\n<p style=\"margin-bottom: 0cm; text-align: justify;\"><span style=\"font-size: medium;\">Mit diesen neuen Tauben f\u00fcr die Weitstrecke und gro\u00dfen \u00dcbernachtfl\u00fcgen wollen wir in den n\u00e4chsten Jahren bei den Weitstreckenfl\u00fcgen Konkurrenten werden.<\/span><\/p>\n<p style=\"margin-bottom: 0cm; text-align: justify;\"><!-- [if gte mso 9]><xml>\n<w:WordDocument>\n<w:View>Normal<\/w:View>\n<w:Zoom>0<\/w:Zoom>\n<w:HyphenationZone>21<\/w:HyphenationZone>\n<w:PunctuationKerning\/>\n<w:ValidateAgainstSchemas\/>\n<w:SaveIfXMLInvalid>false<\/w:SaveIfXMLInvalid>\n<w:IgnoreMixedContent>false<\/w:IgnoreMixedContent>\n<w:AlwaysShowPlaceholderText>false<\/w:AlwaysShowPlaceholderText>\n<w:Compatibility>\n<w:BreakWrappedTables\/>\n<w:SnapToGridInCell\/>\n<w:WrapTextWithPunct\/>\n<w:UseAsianBreakRules\/>\n<w:DontGrowAutofit\/>\n<\/w:Compatibility>\n<w:BrowserLevel>MicrosoftInternetExplorer4<\/w:BrowserLevel>\n<\/w:WordDocument>\n<\/xml><![endif]--><\/p>\n<p style=\"margin-bottom: 0cm; text-align: justify;\"><!-- [if gte mso 9]><xml>\n<w:LatentStyles DefLockedState=\"false\" LatentStyleCount=\"156\">\n<\/w:LatentStyles>\n<\/xml><![endif]--><!-- [if gte mso 10]>\n\n\n\n<style>\n \/* Style Definitions *\/<br \/>table.MsoNormalTable<br \/>{mso-style-name:\"Normale Tabelle\";<br \/>mso-tstyle-rowband-size:0;<br \/>mso-tstyle-colband-size:0;<br \/>mso-style-noshow:yes;<br \/>mso-style-parent:\"\";<br \/>mso-padding-alt:0cm 5.4pt 0cm 5.4pt;<br \/>mso-para-margin:0cm;<br \/>mso-para-margin-bottom:.0001pt;<br \/>mso-pagination:widow-orphan;<br \/>font-size:10.0pt;<br \/>font-family:\"Times New Roman\";<br \/>mso-ansi-language:#0400;<br \/>mso-fareast-language:#0400;<br \/>mso-bidi-language:#0400;}<br \/><\/style>\n\n<![endif]--><\/p>\n<p><!-- [if gte mso 9]><xml>\n<w:WordDocument>\n<w:View>Normal<\/w:View>\n<w:Zoom>0<\/w:Zoom>\n<w:HyphenationZone>21<\/w:HyphenationZone>\n<w:PunctuationKerning\/>\n<w:ValidateAgainstSchemas\/>\n<w:SaveIfXMLInvalid>false<\/w:SaveIfXMLInvalid>\n<w:IgnoreMixedContent>false<\/w:IgnoreMixedContent>\n<w:AlwaysShowPlaceholderText>false<\/w:AlwaysShowPlaceholderText>\n<w:Compatibility>\n<w:BreakWrappedTables\/>\n<w:SnapToGridInCell\/>\n<w:WrapTextWithPunct\/>\n<w:UseAsianBreakRules\/>\n<w:DontGrowAutofit\/>\n<\/w:Compatibility>\n<w:BrowserLevel>MicrosoftInternetExplorer4<\/w:BrowserLevel>\n<\/w:WordDocument>\n<\/xml><![endif]--><\/p>\n<p><!-- [if gte mso 9]><xml>\n<w:LatentStyles DefLockedState=\"false\" LatentStyleCount=\"156\">\n<\/w:LatentStyles>\n<\/xml><![endif]--><!-- [if gte mso 10]>\n\n\n\n<style>\n \/* Style Definitions *\/<br \/> table.MsoNormalTable<br \/>\t{mso-style-name:\"Normale Tabelle\";<br \/>\tmso-tstyle-rowband-size:0;<br \/>\tmso-tstyle-colband-size:0;<br \/>\tmso-style-noshow:yes;<br \/>\tmso-style-parent:\"\";<br \/>\tmso-padding-alt:0cm 5.4pt 0cm 5.4pt;<br \/>\tmso-para-margin:0cm;<br \/>\tmso-para-margin-bottom:.0001pt;<br \/>\tmso-pagination:widow-orphan;<br \/>\tfont-size:10.0pt;<br \/>\tfont-family:\"Times New Roman\";<br \/>\tmso-ansi-language:#0400;<br \/>\tmso-fareast-language:#0400;<br \/>\tmso-bidi-language:#0400;}<br \/><\/style>\n\n<![endif]--><\/p>\n<p class=\"MsoNormal\">Hans-Dieter Hofland<\/p>\n<p class=\"MsoNormal\">Emmericher Weg 59<\/p>\n<p class=\"MsoNormal\">47574 Goch<\/p>\n<p class=\"MsoNormal\"><span lang=\"EN-GB\" style=\"mso-ansi-language: EN-GB;\">Tel.: +492823-5751<\/span><\/p>\n<p class=\"MsoNormal\"><span lang=\"EN-GB\" style=\"mso-ansi-language: EN-GB;\">Fax: +492823-9219040<\/span><\/p>\n<p class=\"MsoNormal\"><span lang=\"EN-GB\" style=\"mso-ansi-language: EN-GB;\">Mobil: +4915201916273<\/span><\/p>\n<p class=\"MsoNormal\">Email: <span lang=\"EN-GB\" style=\"mso-ansi-language: EN-GB;\"><a href=\"mailto:hofland@freent.de\"><span lang=\"DE\" style=\"mso-ansi-language: DE;\">hofland@freent.de<\/span><\/a><\/span><\/p>\n<p class=\"MsoNormal\">www.hans-hofland.de<span style=\"mso-spacerun: yes;\">\u00a0\u00a0\u00a0\u00a0\u00a0\u00a0\u00a0\u00a0\u00a0\u00a0\u00a0\u00a0\u00a0\u00a0\u00a0\u00a0\u00a0\u00a0\u00a0\u00a0<\/span><\/p>\n<h1 style=\"text-align: center;\"><span style=\"color: #00ff00;\">Leistungen der SG Hans-Dieter und Tobias Hofland in 2017<br \/>\n<\/span><\/h1>\n<h1 style=\"text-align: center;\"><strong>26 x den 1. Preis<\/strong><\/h1>\n<h1 style=\"text-align: center;\"><span style=\"color: #ff0000;\">2.Nationaler Meister der Niederlande auf der Mittelstrecke mit vorbestimmten Tauben.<\/span><\/h1>\n<p style=\"text-align: center;\"><img loading=\"lazy\" decoding=\"async\" class=\"aligncenter size-full wp-image-690\" src=\"http:\/\/hans-hofland.de\/blog\/wp-content\/uploads\/2018\/12\/Siegerehrung-NPO-2017.jpg\" alt=\"Siegerehrung NPO 2017\" width=\"900\" height=\"600\" srcset=\"https:\/\/hans-hofland.de\/blog\/wp-content\/uploads\/2018\/12\/Siegerehrung-NPO-2017.jpg 900w, https:\/\/hans-hofland.de\/blog\/wp-content\/uploads\/2018\/12\/Siegerehrung-NPO-2017-300x200.jpg 300w, https:\/\/hans-hofland.de\/blog\/wp-content\/uploads\/2018\/12\/Siegerehrung-NPO-2017-768x512.jpg 768w\" sizes=\"auto, (max-width: 900px) 100vw, 900px\" \/><\/p>\n<h2 style=\"text-align: center;\"><span style=\"color: #ff0000;\">27.(NL-16-1308053) Nationale Ass-Duif der Niederlande Midfond<\/span><br \/>\n<span style=\"color: #ff0000;\">99. (3324-16-247 Nationale Ass-Duif der Niederlande Midfond<\/span><br \/>\n<span style=\"color: #ff0000;\">39. Nationaler Niederl\u00e4ndischer Meister Vitesse Onaangewiesen<\/span><br \/>\n<span style=\"color: #ff0000;\">86. Nationaler Niederl\u00e4ndischer- Meister Midfond Onaangewezene<\/span><\/h2>\n<h1 style=\"text-align: center;\"><strong><span style=\"color: #ff0000;\">26 x den 1.Preis<\/span><\/strong><\/h1>\n<h1 style=\"text-align: center;\">Championenschapen in Afdeeling Provinz Ost Brabant 2017<\/h1>\n<div id=\"attachment_692\" style=\"width: 910px\" class=\"wp-caption aligncenter\"><img loading=\"lazy\" decoding=\"async\" aria-describedby=\"caption-attachment-692\" class=\"size-full wp-image-692\" src=\"http:\/\/hans-hofland.de\/blog\/wp-content\/uploads\/2013\/12\/K800_Siegerhrung-Afd.-Ost-Brabant-2017.jpg\" alt=\"OLYMPUS DIGITAL CAMERA\" width=\"900\" height=\"600\" srcset=\"https:\/\/hans-hofland.de\/blog\/wp-content\/uploads\/2013\/12\/K800_Siegerhrung-Afd.-Ost-Brabant-2017.jpg 900w, https:\/\/hans-hofland.de\/blog\/wp-content\/uploads\/2013\/12\/K800_Siegerhrung-Afd.-Ost-Brabant-2017-300x200.jpg 300w, https:\/\/hans-hofland.de\/blog\/wp-content\/uploads\/2013\/12\/K800_Siegerhrung-Afd.-Ost-Brabant-2017-768x512.jpg 768w\" sizes=\"auto, (max-width: 900px) 100vw, 900px\" \/><p id=\"caption-attachment-692\" class=\"wp-caption-text\">OLYMPUS DIGITAL CAMERA<\/p><\/div>\n<h2 style=\"text-align: center;\">1. Champion Midfond Afdeling Provinz Ost Brabant Aangewezene<br \/>\n2. Champion Midfond Afdeling Ost Brabant Onaangewezene (R4)<br \/>\n1. Duifchampion NL-16-1308053 Aafdeeling Ost Brabant (R4)<br \/>\n2. Duifchampion DV-3324-16-247 Afdeeling Ost Brabant (R4)<br \/>\n7. Duifchampion DV-7653-14-239 Afdeeling Ost Brabant (R4)<br \/>\n18.Duifchampion NL-16-1310008 afdeeling Ost Brabant (R4)<br \/>\n19.Duifchampion DV-3324-16-167<\/h2>\n<h2 style=\"text-align: center;\">Vitesse Meisterschaft im Regionalverband Peel &amp; Maas.<\/h2>\n<h2 style=\"text-align: center;\">1. Champion Vitesse Aangewiesene CC-Peel &amp; Maas<br \/>\n1. Champion Vitesse Onaangewiesene<br \/>\n1. Duifchampion Vitesse 7653-14-239,<br \/>\n7 Fl\u00fcge u. 7 Preise mit 6709,7 As-Punkte<br \/>\nMidfond Meisterschaft im Regionalverband Peel &amp; Maas<\/h2>\n<h2 style=\"text-align: center;\">1.Champion Midfond Aangewiesen CC-Pee l&amp; Maas<br \/>\n1. As-Duif Midfond<br \/>\n2. As-Duif<br \/>\n4. As-Duif<br \/>\n1. Champion Jong Onaangewiesen<br \/>\n1. Champion Oud Natoer<br \/>\n2.Champion Midfond Onaangewiese<br \/>\n2.Champion Gerneral onder 500km Aangewiesen<br \/>\n2.Champion Genreal onder 500km Onaangewiesen<br \/>\n2. As.Duif General onder 500km 7653-14-239 -21Preise<\/h2>\n<h1 style=\"text-align: center;\"><\/h1>\n<h1 style=\"text-align: center;\"><\/h1>\n<h1 style=\"text-align: center;\"><\/h1>\n<h1 style=\"text-align: center;\"><\/h1>\n<h1 style=\"text-align: center;\"><\/h1>\n<h1 style=\"text-align: center;\"><span style=\"color: #00ff00;\"><strong>Leistungstr\u00e4ger und 1.Preisflieger in 2016<\/strong><\/span><\/h1>\n<p style=\"text-align: center;\"><a href=\"http:\/\/hans-hofland.de\/blog\/wp-content\/uploads\/2012\/01\/erste-preis-gewinner-2016.jpg\" rel=\"lightbox[191]\"><img loading=\"lazy\" decoding=\"async\" class=\"aligncenter size-large wp-image-648\" src=\"http:\/\/hans-hofland.de\/blog\/wp-content\/uploads\/2012\/01\/erste-preis-gewinner-2016-1024x683.jpg\" alt=\"erste-preis-gewinner-2016\" width=\"970\" height=\"647\" srcset=\"https:\/\/hans-hofland.de\/blog\/wp-content\/uploads\/2012\/01\/erste-preis-gewinner-2016-1024x683.jpg 1024w, https:\/\/hans-hofland.de\/blog\/wp-content\/uploads\/2012\/01\/erste-preis-gewinner-2016-300x200.jpg 300w, https:\/\/hans-hofland.de\/blog\/wp-content\/uploads\/2012\/01\/erste-preis-gewinner-2016-768x512.jpg 768w\" sizes=\"auto, (max-width: 970px) 100vw, 970px\" \/><\/a><\/p>\n<p style=\"text-align: center;\"><a href=\"http:\/\/hans-hofland.de\/blog\/wp-content\/uploads\/2013\/12\/5022-14-844-1.jpg\" rel=\"lightbox[191]\"><img loading=\"lazy\" decoding=\"async\" class=\"wp-image-651 size-medium alignleft\" src=\"http:\/\/hans-hofland.de\/blog\/wp-content\/uploads\/2013\/12\/5022-14-844-1-300x200.jpg\" alt=\"5022-14-844\" width=\"300\" height=\"200\" \/><\/a><a href=\"http:\/\/hans-hofland.de\/blog\/wp-content\/uploads\/2013\/12\/7906-14-239.jpg\" rel=\"lightbox[191]\"><img loading=\"lazy\" decoding=\"async\" class=\"alignnone wp-image-653 size-medium\" src=\"http:\/\/hans-hofland.de\/blog\/wp-content\/uploads\/2013\/12\/7906-14-239-300x200.jpg\" alt=\"7906-14-239\" width=\"300\" height=\"200\" \/><\/a><\/p>\n<p class=\"MsoNormal\"><span style=\"mso-spacerun: yes;\">\u00a0\u00a0\u00a0\u00a0\u00a0\u00a0\u00a0\u00a0\u00a0\u00a0\u00a0\u00a0\u00a0\u00a0\u00a0\u00a0\u00a0\u00a0\u00a0\u00a0\u00a0\u00a0\u00a0\u00a0\u00a0\u00a0\u00a0\u00a0\u00a0\u00a0\u00a0\u00a0\u00a0\u00a0\u00a0\u00a0\u00a0\u00a0\u00a0\u00a0\u00a0\u00a0\u00a0\u00a0\u00a0\u00a0\u00a0\u00a0\u00a0\u00a0\u00a0\u00a0\u00a0\u00a0\u00a0\u00a0\u00a0\u00a0\u00a0\u00a0\u00a0\u00a0\u00a0\u00a0\u00a0\u00a0\u00a0\u00a0\u00a0\u00a0\u00a0\u00a0\u00a0\u00a0\u00a0\u00a0\u00a0\u00a0\u00a0\u00a0\u00a0\u00a0\u00a0\u00a0\u00a0\u00a0 <\/span><span style=\"mso-spacerun: yes;\">\u00a0\u00a0\u00a0\u00a0\u00a0\u00a0\u00a0\u00a0\u00a0\u00a0\u00a0\u00a0\u00a0\u00a0\u00a0\u00a0\u00a0\u00a0\u00a0\u00a0\u00a0\u00a0\u00a0\u00a0<\/span><span style=\"mso-spacerun: yes;\">\u00a0\u00a0\u00a0\u00a0\u00a0\u00a0\u00a0\u00a0\u00a0\u00a0\u00a0\u00a0\u00a0\u00a0\u00a0\u00a0\u00a0\u00a0\u00a0\u00a0\u00a0\u00a0\u00a0\u00a0\u00a0\u00a0\u00a0\u00a0\u00a0\u00a0\u00a0\u00a0\u00a0\u00a0\u00a0\u00a0\u00a0\u00a0\u00a0\u00a0\u00a0\u00a0\u00a0\u00a0\u00a0\u00a0\u00a0\u00a0\u00a0\u00a0\u00a0\u00a0\u00a0\u00a0\u00a0\u00a0\u00a0\u00a0\u00a0\u00a0\u00a0\u00a0\u00a0\u00a0\u00a0\u00a0\u00a0\u00a0\u00a0\u00a0\u00a0\u00a0\u00a0\u00a0\u00a0\u00a0\u00a0\u00a0\u00a0\u00a0\u00a0\u00a0\u00a0\u00a0\u00a0\u00a0\u00a0\u00a0\u00a0\u00a0\u00a0\u00a0\u00a0\u00a0\u00a0\u00a0\u00a0\u00a0\u00a0\u00a0\u00a0\u00a0\u00a0\u00a0<\/span><span style=\"mso-spacerun: yes;\">\u00a0\u00a0\u00a0\u00a0\u00a0\u00a0\u00a0\u00a0\u00a0<\/span><\/p>\n","protected":false},"excerpt":{"rendered":"<p>J\u00e4hrigen &#8211; Derby Riachos\u00a0 Portugal 2020\u00a0 1. Hot-Spot Flug 24.02.2020 ab Santa Eul\u00e1lia120 Km 9.Preis NL-19-1464499 wei\u00df 2.Hot &#8211; Spot Flug am 06.03.2020 ab\u00a0 Torrefresneta 205Km 3.Preis NL-19-1464499 wei\u00df &#8212;&#8212;&#8212;&#8212;&#8212;&#8212;&#8212;&#8212;&#8212;&#8212;&#8212;&#8212;&#8212;&#8212;&#8211; Leistungen der SG Hans-Dieter und Tobias Hofland Leistungen 2018 \u00a0 32 x den 1. Preis Meisterschaften in Afdeeling Provinz Ost Brabant Rayon Ost 2018 16.Platz [&hellip;]<\/p>\n","protected":false},"author":1,"featured_media":0,"parent":0,"menu_order":0,"comment_status":"closed","ping_status":"closed","template":"","meta":{"footnotes":""},"class_list":["post-191","page","type-page","status-publish","hentry","clearfix"],"_links":{"self":[{"href":"https:\/\/hans-hofland.de\/blog\/index.php?rest_route=\/wp\/v2\/pages\/191","targetHints":{"allow":["GET"]}}],"collection":[{"href":"https:\/\/hans-hofland.de\/blog\/index.php?rest_route=\/wp\/v2\/pages"}],"about":[{"href":"https:\/\/hans-hofland.de\/blog\/index.php?rest_route=\/wp\/v2\/types\/page"}],"author":[{"embeddable":true,"href":"https:\/\/hans-hofland.de\/blog\/index.php?rest_route=\/wp\/v2\/users\/1"}],"replies":[{"embeddable":true,"href":"https:\/\/hans-hofland.de\/blog\/index.php?rest_route=%2Fwp%2Fv2%2Fcomments&post=191"}],"version-history":[{"count":0,"href":"https:\/\/hans-hofland.de\/blog\/index.php?rest_route=\/wp\/v2\/pages\/191\/revisions"}],"wp:attachment":[{"href":"https:\/\/hans-hofland.de\/blog\/index.php?rest_route=%2Fwp%2Fv2%2Fmedia&parent=191"}],"curies":[{"name":"wp","href":"https:\/\/api.w.org\/{rel}","templated":true}]}}